{"id":57958,"date":"2021-06-03T13:27:59","date_gmt":"2021-06-03T13:27:59","guid":{"rendered":"http:\/\/www.noticiasradioreflejos.com.ar\/2021\/user-videos\/"},"modified":"2021-06-07T15:25:16","modified_gmt":"2021-06-07T15:25:16","slug":"reflejos-de-mi-comarca","status":"publish","type":"page","link":"https:\/\/www.noticiasradioreflejos.com.ar\/2021\/reflejos-de-mi-comarca\/","title":{"rendered":"Reflejos de mi Comarca"},"content":{"rendered":"\r\n<div class=\"aiovg aiovg-videos aiovg-videos-template-classic\">\r\n\t<div class=\"aiovg-row\">            \r\n        <div class=\"aiovg-col aiovg-col-3\">\r\n            \n<div class=\"aiovg-thumbnail aiovg-thumbnail-style-image-top\" data-id=\"92736\">\n    <a href=\"https:\/\/www.noticiasradioreflejos.com.ar\/2021\/aiovg_videos\/accidente-vehicular-en-ruta-provincial-76-camino-a-la-papelera\/\" class=\"aiovg-responsive-container\" style=\"padding-bottom: 56.25%;\">\n        <img decoding=\"async\" src=\"https:\/\/www.noticiasradioreflejos.com.ar\/2021\/wp-content\/uploads\/2023\/09\/whatsapp-image-20230911-at-12.19.12-1.jpeg_1600.jpeg\" alt=\"Accidente vehicular en ruta provincial 76 camino a la papelera\" class=\"aiovg-responsive-element\" \/>                    \n        \n                \n        <div class=\"aiovg-play-icon\"><\/div>\n    <\/a>    \t\n    \n    <div class=\"aiovg-caption\">\n        <div class=\"aiovg-title\">\n            <a href=\"https:\/\/www.noticiasradioreflejos.com.ar\/2021\/aiovg_videos\/accidente-vehicular-en-ruta-provincial-76-camino-a-la-papelera\/\" class=\"aiovg-link-title\">Accidente vehicular en ruta provincial 76 camino a la papelera<\/a>\n        <\/div>\n\n                    \n                \n        \n                \n            <\/div>\n<\/div>            \r\n        <\/div>                \r\n                    \r\n        <div class=\"aiovg-col aiovg-col-3\">\r\n            \n<div class=\"aiovg-thumbnail aiovg-thumbnail-style-image-top\" data-id=\"42409\">\n    <a href=\"https:\/\/www.noticiasradioreflejos.com.ar\/2021\/aiovg_videos\/reflejos-de-mi-comarca-n\/\" class=\"aiovg-responsive-container\" style=\"padding-bottom: 56.25%;\">\n        <img decoding=\"async\" src=\"https:\/\/img.youtube.com\/vi\/QA1DO9LyO3s\/mqdefault.jpg\" alt=\"Reflejos de mi Comarca N\u00b0 143\" class=\"aiovg-responsive-element\" \/>                    \n        \n                \n        <div class=\"aiovg-play-icon\"><\/div>\n    <\/a>    \t\n    \n    <div class=\"aiovg-caption\">\n        <div class=\"aiovg-title\">\n            <a href=\"https:\/\/www.noticiasradioreflejos.com.ar\/2021\/aiovg_videos\/reflejos-de-mi-comarca-n\/\" class=\"aiovg-link-title\">Reflejos de mi Comarca N\u00b0 143<\/a>\n        <\/div>\n\n                    \n                \n        \n                \n            <\/div>\n<\/div>            \r\n        <\/div>                \r\n                    \r\n        <div class=\"aiovg-col aiovg-col-3\">\r\n            \n<div class=\"aiovg-thumbnail aiovg-thumbnail-style-image-top\" data-id=\"39286\">\n    <a href=\"https:\/\/www.noticiasradioreflejos.com.ar\/2021\/aiovg_videos\/reflejos-de-mi-comarca-n-4\/\" class=\"aiovg-responsive-container\" style=\"padding-bottom: 56.25%;\">\n        <img decoding=\"async\" src=\"https:\/\/img.youtube.com\/vi\/JYAb8QQoD5Q\/mqdefault.jpg\" alt=\"REFLEJOS DE MI COMARCA N\u00b04\" class=\"aiovg-responsive-element\" \/>                    \n        \n                \n        <div class=\"aiovg-play-icon\"><\/div>\n    <\/a>    \t\n    \n    <div class=\"aiovg-caption\">\n        <div class=\"aiovg-title\">\n            <a href=\"https:\/\/www.noticiasradioreflejos.com.ar\/2021\/aiovg_videos\/reflejos-de-mi-comarca-n-4\/\" class=\"aiovg-link-title\">REFLEJOS DE MI COMARCA N\u00b04<\/a>\n        <\/div>\n\n                    \n                \n        \n                \n            <\/div>\n<\/div>            \r\n        <\/div>                \r\n        <\/div><div class=\"aiovg-row\">            \r\n        <div class=\"aiovg-col aiovg-col-3\">\r\n            \n<div class=\"aiovg-thumbnail aiovg-thumbnail-style-image-top\" data-id=\"39257\">\n    <a href=\"https:\/\/www.noticiasradioreflejos.com.ar\/2021\/aiovg_videos\/reflejos-de-mi-comarca-n-9\/\" class=\"aiovg-responsive-container\" style=\"padding-bottom: 56.25%;\">\n        <img decoding=\"async\" src=\"https:\/\/img.youtube.com\/vi\/b7oiIJr4UO4\/mqdefault.jpg\" alt=\"Reflejos de mi Comarca N\u00b0 9\" class=\"aiovg-responsive-element\" \/>                    \n        \n                \n        <div class=\"aiovg-play-icon\"><\/div>\n    <\/a>    \t\n    \n    <div class=\"aiovg-caption\">\n        <div class=\"aiovg-title\">\n            <a href=\"https:\/\/www.noticiasradioreflejos.com.ar\/2021\/aiovg_videos\/reflejos-de-mi-comarca-n-9\/\" class=\"aiovg-link-title\">Reflejos de mi Comarca N\u00b0 9<\/a>\n        <\/div>\n\n                    \n                \n        \n                \n            <\/div>\n<\/div>            \r\n        <\/div>                \r\n                    \r\n        <div class=\"aiovg-col aiovg-col-3\">\r\n            \n<div class=\"aiovg-thumbnail aiovg-thumbnail-style-image-top\" data-id=\"39249\">\n    <a href=\"https:\/\/www.noticiasradioreflejos.com.ar\/2021\/aiovg_videos\/reflejos-de-mi-comarca-n142\/\" class=\"aiovg-responsive-container\" style=\"padding-bottom: 56.25%;\">\n        <img decoding=\"async\" src=\"https:\/\/img.youtube.com\/vi\/0OJ0pFoomC0\/mqdefault.jpg\" alt=\"REFLEJOS DE MI COMARCA N\u00b0142\" class=\"aiovg-responsive-element\" \/>                    \n        \n                \n        <div class=\"aiovg-play-icon\"><\/div>\n    <\/a>    \t\n    \n    <div class=\"aiovg-caption\">\n        <div class=\"aiovg-title\">\n            <a href=\"https:\/\/www.noticiasradioreflejos.com.ar\/2021\/aiovg_videos\/reflejos-de-mi-comarca-n142\/\" class=\"aiovg-link-title\">REFLEJOS DE MI COMARCA N\u00b0142<\/a>\n        <\/div>\n\n                    \n                \n        \n                \n            <\/div>\n<\/div>            \r\n        <\/div>                \r\n                    \r\n        <div class=\"aiovg-col aiovg-col-3\">\r\n            \n<div class=\"aiovg-thumbnail aiovg-thumbnail-style-image-top\" data-id=\"38973\">\n    <a href=\"https:\/\/www.noticiasradioreflejos.com.ar\/2021\/aiovg_videos\/reflejos-de-mi-comarca-n141\/\" class=\"aiovg-responsive-container\" style=\"padding-bottom: 56.25%;\">\n        <img decoding=\"async\" src=\"https:\/\/img.youtube.com\/vi\/45n64-w4Zik\/mqdefault.jpg\" alt=\"REFLEJOS DE MI COMARCA N\u00b0141\" class=\"aiovg-responsive-element\" \/>                    \n        \n                \n        <div class=\"aiovg-play-icon\"><\/div>\n    <\/a>    \t\n    \n    <div class=\"aiovg-caption\">\n        <div class=\"aiovg-title\">\n            <a href=\"https:\/\/www.noticiasradioreflejos.com.ar\/2021\/aiovg_videos\/reflejos-de-mi-comarca-n141\/\" class=\"aiovg-link-title\">REFLEJOS DE MI COMARCA N\u00b0141<\/a>\n        <\/div>\n\n                    \n                \n        \n                \n            <\/div>\n<\/div>            \r\n        <\/div>                \r\n        <\/div><div class=\"aiovg-row\">            \r\n        <div class=\"aiovg-col aiovg-col-3\">\r\n            \n<div class=\"aiovg-thumbnail aiovg-thumbnail-style-image-top\" data-id=\"38959\">\n    <a href=\"https:\/\/www.noticiasradioreflejos.com.ar\/2021\/aiovg_videos\/reflejos-de-mi-comarca-n131\/\" class=\"aiovg-responsive-container\" style=\"padding-bottom: 56.25%;\">\n        <img decoding=\"async\" src=\"https:\/\/img.youtube.com\/vi\/VSbAvGw6kww\/mqdefault.jpg\" alt=\"REFLEJOS DE MI COMARCA N\u00b0131\" class=\"aiovg-responsive-element\" \/>                    \n        \n                \n        <div class=\"aiovg-play-icon\"><\/div>\n    <\/a>    \t\n    \n    <div class=\"aiovg-caption\">\n        <div class=\"aiovg-title\">\n            <a href=\"https:\/\/www.noticiasradioreflejos.com.ar\/2021\/aiovg_videos\/reflejos-de-mi-comarca-n131\/\" class=\"aiovg-link-title\">REFLEJOS DE MI COMARCA N\u00b0131<\/a>\n        <\/div>\n\n                    \n                \n        \n                \n            <\/div>\n<\/div>            \r\n        <\/div>                \r\n                    \r\n        <div class=\"aiovg-col aiovg-col-3\">\r\n            \n<div class=\"aiovg-thumbnail aiovg-thumbnail-style-image-top\" data-id=\"38843\">\n    <a href=\"https:\/\/www.noticiasradioreflejos.com.ar\/2021\/aiovg_videos\/reflejos-de-mi-comarca-n-129\/\" class=\"aiovg-responsive-container\" style=\"padding-bottom: 56.25%;\">\n        <img decoding=\"async\" src=\"https:\/\/img.youtube.com\/vi\/Wt4u31BXGQI\/mqdefault.jpg\" alt=\"REFLEJOS DE MI COMARCA N\u00b0129\" class=\"aiovg-responsive-element\" \/>                    \n        \n                \n        <div class=\"aiovg-play-icon\"><\/div>\n    <\/a>    \t\n    \n    <div class=\"aiovg-caption\">\n        <div class=\"aiovg-title\">\n            <a href=\"https:\/\/www.noticiasradioreflejos.com.ar\/2021\/aiovg_videos\/reflejos-de-mi-comarca-n-129\/\" class=\"aiovg-link-title\">REFLEJOS DE MI COMARCA N\u00b0129<\/a>\n        <\/div>\n\n                    \n                \n        \n                \n            <\/div>\n<\/div>            \r\n        <\/div>                \r\n                    \r\n        <div class=\"aiovg-col aiovg-col-3\">\r\n            \n<div class=\"aiovg-thumbnail aiovg-thumbnail-style-image-top\" data-id=\"38824\">\n    <a href=\"https:\/\/www.noticiasradioreflejos.com.ar\/2021\/aiovg_videos\/reflejos-de-mi-comarca-n127\/\" class=\"aiovg-responsive-container\" style=\"padding-bottom: 56.25%;\">\n        <img decoding=\"async\" src=\"https:\/\/img.youtube.com\/vi\/jUDeKiB1Hrs\/mqdefault.jpg\" alt=\"REFLEJOS DE MI COMARCA N\u00b0127\" class=\"aiovg-responsive-element\" \/>                    \n        \n                \n        <div class=\"aiovg-play-icon\"><\/div>\n    <\/a>    \t\n    \n    <div class=\"aiovg-caption\">\n        <div class=\"aiovg-title\">\n            <a href=\"https:\/\/www.noticiasradioreflejos.com.ar\/2021\/aiovg_videos\/reflejos-de-mi-comarca-n127\/\" class=\"aiovg-link-title\">REFLEJOS DE MI COMARCA N\u00b0127<\/a>\n        <\/div>\n\n                    \n                \n        \n                \n            <\/div>\n<\/div>            \r\n        <\/div>                \r\n        <\/div><div class=\"aiovg-row\">            \r\n        <div class=\"aiovg-col aiovg-col-3\">\r\n            \n<div class=\"aiovg-thumbnail aiovg-thumbnail-style-image-top\" data-id=\"38821\">\n    <a href=\"https:\/\/www.noticiasradioreflejos.com.ar\/2021\/aiovg_videos\/reflejos-de-mi-comarca-n-126\/\" class=\"aiovg-responsive-container\" style=\"padding-bottom: 56.25%;\">\n        <img decoding=\"async\" src=\"https:\/\/img.youtube.com\/vi\/wVEnssmo5Y0\/mqdefault.jpg\" alt=\"REFLEJOS DE MI COMARCA N\u00b0126\" class=\"aiovg-responsive-element\" \/>                    \n        \n                \n        <div class=\"aiovg-play-icon\"><\/div>\n    <\/a>    \t\n    \n    <div class=\"aiovg-caption\">\n        <div class=\"aiovg-title\">\n            <a href=\"https:\/\/www.noticiasradioreflejos.com.ar\/2021\/aiovg_videos\/reflejos-de-mi-comarca-n-126\/\" class=\"aiovg-link-title\">REFLEJOS DE MI COMARCA N\u00b0126<\/a>\n        <\/div>\n\n                    \n                \n        \n                \n            <\/div>\n<\/div>            \r\n        <\/div>                \r\n        <\/div><div class=\"aiovg-pagination-wrapper aiovg-text-center\"><div class=\"aiovg-pagination\"><span aria-current=\"page\" class=\"page-numbers current\">1<\/span><a class=\"page-numbers\" href=\"https:\/\/www.noticiasradioreflejos.com.ar\/2021\/wp-json\/wp\/v2\/pages\/57958\/page\/2\">2<\/a><a class=\"page-numbers\" href=\"https:\/\/www.noticiasradioreflejos.com.ar\/2021\/wp-json\/wp\/v2\/pages\/57958\/page\/3\">3<\/a><a class=\"next page-numbers\" href=\"https:\/\/www.noticiasradioreflejos.com.ar\/2021\/wp-json\/wp\/v2\/pages\/57958\/page\/2\">&raquo;<\/a><\/div><p class=\"aiovg-text-muted\">Page 1 of 3<\/p><\/div><\/div>\n","protected":false},"excerpt":{"rendered":"Desde el Balneario Los Angelitos en Sierra de la Ventana, compartimos los buenos momentos que se vivieron con el Primer Concurso de Asadores, que tuvo la participaci\u00f3n de vecinos de la localidad y visitantes que llegaron desde varios puntos de la regi\u00f3n. En el bloque siguiente, desde el Centro Cultural, participamos de la alegr\u00eda de [...]","protected":false},"author":1,"featured_media":0,"parent":0,"menu_order":0,"comment_status":"closed","ping_status":"closed","template":"","meta":{"footnotes":""},"class_list":["post-57958","page","type-page","status-publish","hentry"],"yoast_head":"<!-- This site is optimized with the Yoast SEO plugin v25.9 - https:\/\/yoast.com\/wordpress\/plugins\/seo\/ -->\n<title>Reflejos de mi Comarca - Noticias Radio Reflejos<\/title>\n<meta name=\"robots\" content=\"index, follow, max-snippet:-1, max-image-preview:large, max-video-preview:-1\" \/>\n<link rel=\"canonical\" href=\"https:\/\/www.noticiasradioreflejos.com.ar\/2021\/reflejos-de-mi-comarca\/\" \/>\n<meta property=\"og:locale\" content=\"es_ES\" \/>\n<meta property=\"og:type\" content=\"article\" \/>\n<meta property=\"og:title\" content=\"Reflejos de mi Comarca - Noticias Radio Reflejos\" \/>\n<meta property=\"og:url\" content=\"https:\/\/www.noticiasradioreflejos.com.ar\/2021\/reflejos-de-mi-comarca\/\" \/>\n<meta property=\"og:site_name\" content=\"Noticias Radio Reflejos\" \/>\n<meta property=\"article:modified_time\" content=\"2021-06-07T15:25:16+00:00\" \/>\n<meta property=\"og:image\" content=\"https:\/\/www.noticiasradioreflejos.com.ar\/2021\/wp-content\/uploads\/2021\/07\/logosol300x200.png\" \/>\n\t<meta property=\"og:image:width\" content=\"300\" \/>\n\t<meta property=\"og:image:height\" content=\"200\" \/>\n\t<meta property=\"og:image:type\" content=\"image\/png\" \/>\n<meta name=\"twitter:card\" content=\"summary_large_image\" \/>\n<script type=\"application\/ld+json\" class=\"yoast-schema-graph\">{\"@context\":\"https:\/\/schema.org\",\"@graph\":[{\"@type\":\"WebPage\",\"@id\":\"https:\/\/www.noticiasradioreflejos.com.ar\/2021\/reflejos-de-mi-comarca\/\",\"url\":\"https:\/\/www.noticiasradioreflejos.com.ar\/2021\/reflejos-de-mi-comarca\/\",\"name\":\"Reflejos de mi Comarca - Noticias Radio Reflejos\",\"isPartOf\":{\"@id\":\"https:\/\/www.noticiasradioreflejos.com.ar\/2021\/#website\"},\"datePublished\":\"2021-06-03T13:27:59+00:00\",\"dateModified\":\"2021-06-07T15:25:16+00:00\",\"breadcrumb\":{\"@id\":\"https:\/\/www.noticiasradioreflejos.com.ar\/2021\/reflejos-de-mi-comarca\/#breadcrumb\"},\"inLanguage\":\"es\",\"potentialAction\":[{\"@type\":\"ReadAction\",\"target\":[\"https:\/\/www.noticiasradioreflejos.com.ar\/2021\/reflejos-de-mi-comarca\/\"]}]},{\"@type\":\"BreadcrumbList\",\"@id\":\"https:\/\/www.noticiasradioreflejos.com.ar\/2021\/reflejos-de-mi-comarca\/#breadcrumb\",\"itemListElement\":[{\"@type\":\"ListItem\",\"position\":1,\"name\":\"Portada\",\"item\":\"https:\/\/www.noticiasradioreflejos.com.ar\/2021\/\"},{\"@type\":\"ListItem\",\"position\":2,\"name\":\"Reflejos de mi Comarca\"}]},{\"@type\":\"WebSite\",\"@id\":\"https:\/\/www.noticiasradioreflejos.com.ar\/2021\/#website\",\"url\":\"https:\/\/www.noticiasradioreflejos.com.ar\/2021\/\",\"name\":\"Noticias Radio Reflejos\",\"description\":\"Las noticias de mi comarca\",\"potentialAction\":[{\"@type\":\"SearchAction\",\"target\":{\"@type\":\"EntryPoint\",\"urlTemplate\":\"https:\/\/www.noticiasradioreflejos.com.ar\/2021\/?s={search_term_string}\"},\"query-input\":{\"@type\":\"PropertyValueSpecification\",\"valueRequired\":true,\"valueName\":\"search_term_string\"}}],\"inLanguage\":\"es\"}]}<\/script>\n<!-- \/ Yoast SEO plugin. -->","yoast_head_json":{"title":"Reflejos de mi Comarca - Noticias Radio Reflejos","robots":{"index":"index","follow":"follow","max-snippet":"max-snippet:-1","max-image-preview":"max-image-preview:large","max-video-preview":"max-video-preview:-1"},"canonical":"https:\/\/www.noticiasradioreflejos.com.ar\/2021\/reflejos-de-mi-comarca\/","og_locale":"es_ES","og_type":"article","og_title":"Reflejos de mi Comarca - Noticias Radio Reflejos","og_url":"https:\/\/www.noticiasradioreflejos.com.ar\/2021\/reflejos-de-mi-comarca\/","og_site_name":"Noticias Radio Reflejos","article_modified_time":"2021-06-07T15:25:16+00:00","og_image":[{"width":300,"height":200,"url":"https:\/\/www.noticiasradioreflejos.com.ar\/2021\/wp-content\/uploads\/2021\/07\/logosol300x200.png","type":"image\/png"}],"twitter_card":"summary_large_image","schema":{"@context":"https:\/\/schema.org","@graph":[{"@type":"WebPage","@id":"https:\/\/www.noticiasradioreflejos.com.ar\/2021\/reflejos-de-mi-comarca\/","url":"https:\/\/www.noticiasradioreflejos.com.ar\/2021\/reflejos-de-mi-comarca\/","name":"Reflejos de mi Comarca - Noticias Radio Reflejos","isPartOf":{"@id":"https:\/\/www.noticiasradioreflejos.com.ar\/2021\/#website"},"datePublished":"2021-06-03T13:27:59+00:00","dateModified":"2021-06-07T15:25:16+00:00","breadcrumb":{"@id":"https:\/\/www.noticiasradioreflejos.com.ar\/2021\/reflejos-de-mi-comarca\/#breadcrumb"},"inLanguage":"es","potentialAction":[{"@type":"ReadAction","target":["https:\/\/www.noticiasradioreflejos.com.ar\/2021\/reflejos-de-mi-comarca\/"]}]},{"@type":"BreadcrumbList","@id":"https:\/\/www.noticiasradioreflejos.com.ar\/2021\/reflejos-de-mi-comarca\/#breadcrumb","itemListElement":[{"@type":"ListItem","position":1,"name":"Portada","item":"https:\/\/www.noticiasradioreflejos.com.ar\/2021\/"},{"@type":"ListItem","position":2,"name":"Reflejos de mi Comarca"}]},{"@type":"WebSite","@id":"https:\/\/www.noticiasradioreflejos.com.ar\/2021\/#website","url":"https:\/\/www.noticiasradioreflejos.com.ar\/2021\/","name":"Noticias Radio Reflejos","description":"Las noticias de mi comarca","potentialAction":[{"@type":"SearchAction","target":{"@type":"EntryPoint","urlTemplate":"https:\/\/www.noticiasradioreflejos.com.ar\/2021\/?s={search_term_string}"},"query-input":{"@type":"PropertyValueSpecification","valueRequired":true,"valueName":"search_term_string"}}],"inLanguage":"es"}]}},"_links":{"self":[{"href":"https:\/\/www.noticiasradioreflejos.com.ar\/2021\/wp-json\/wp\/v2\/pages\/57958","targetHints":{"allow":["GET"]}}],"collection":[{"href":"https:\/\/www.noticiasradioreflejos.com.ar\/2021\/wp-json\/wp\/v2\/pages"}],"about":[{"href":"https:\/\/www.noticiasradioreflejos.com.ar\/2021\/wp-json\/wp\/v2\/types\/page"}],"author":[{"embeddable":true,"href":"https:\/\/www.noticiasradioreflejos.com.ar\/2021\/wp-json\/wp\/v2\/users\/1"}],"replies":[{"embeddable":true,"href":"https:\/\/www.noticiasradioreflejos.com.ar\/2021\/wp-json\/wp\/v2\/comments?post=57958"}],"version-history":[{"count":2,"href":"https:\/\/www.noticiasradioreflejos.com.ar\/2021\/wp-json\/wp\/v2\/pages\/57958\/revisions"}],"predecessor-version":[{"id":58175,"href":"https:\/\/www.noticiasradioreflejos.com.ar\/2021\/wp-json\/wp\/v2\/pages\/57958\/revisions\/58175"}],"wp:attachment":[{"href":"https:\/\/www.noticiasradioreflejos.com.ar\/2021\/wp-json\/wp\/v2\/media?parent=57958"}],"curies":[{"name":"wp","href":"https:\/\/api.w.org\/{rel}","templated":true}]}}