{"version":"1.0","provider_name":"Noticias Radio Reflejos","provider_url":"https:\/\/www.noticiasradioreflejos.com.ar\/2021","author_name":"Arnaldo Botto","author_url":"https:\/\/www.noticiasradioreflejos.com.ar\/2021\/author\/arnaldo\/","title":"Organizaci\u00f3n del aniversario del 4 de noviembre - Noticias Radio Reflejos","type":"rich","width":600,"height":338,"html":"<blockquote class=\"wp-embedded-content\" data-secret=\"GZShoEdHcl\"><a href=\"https:\/\/www.noticiasradioreflejos.com.ar\/2021\/organizacion-del-aniversario-del-4-de-noviembre\/\">Organizaci\u00f3n del aniversario del 4 de noviembre<\/a><\/blockquote><iframe sandbox=\"allow-scripts\" security=\"restricted\" src=\"https:\/\/www.noticiasradioreflejos.com.ar\/2021\/organizacion-del-aniversario-del-4-de-noviembre\/embed\/#?secret=GZShoEdHcl\" width=\"600\" height=\"338\" title=\"\u00abOrganizaci\u00f3n del aniversario del 4 de noviembre\u00bb \u2014 Noticias Radio Reflejos\" data-secret=\"GZShoEdHcl\" frameborder=\"0\" marginwidth=\"0\" marginheight=\"0\" scrolling=\"no\" class=\"wp-embedded-content\"><\/iframe><script type=\"text\/javascript\">\n\/* <![CDATA[ *\/\n\/*! This file is auto-generated *\/\n!function(d,l){\"use strict\";l.querySelector&&d.addEventListener&&\"undefined\"!=typeof URL&&(d.wp=d.wp||{},d.wp.receiveEmbedMessage||(d.wp.receiveEmbedMessage=function(e){var t=e.data;if((t||t.secret||t.message||t.value)&&!\/[^a-zA-Z0-9]\/.test(t.secret)){for(var s,r,n,a=l.querySelectorAll('iframe[data-secret=\"'+t.secret+'\"]'),o=l.querySelectorAll('blockquote[data-secret=\"'+t.secret+'\"]'),c=new RegExp(\"^https?:$\",\"i\"),i=0;i<o.length;i++)o[i].style.display=\"none\";for(i=0;i<a.length;i++)s=a[i],e.source===s.contentWindow&&(s.removeAttribute(\"style\"),\"height\"===t.message?(1e3<(r=parseInt(t.value,10))?r=1e3:~~r<200&&(r=200),s.height=r):\"link\"===t.message&&(r=new URL(s.getAttribute(\"src\")),n=new URL(t.value),c.test(n.protocol))&&n.host===r.host&&l.activeElement===s&&(d.top.location.href=t.value))}},d.addEventListener(\"message\",d.wp.receiveEmbedMessage,!1),l.addEventListener(\"DOMContentLoaded\",function(){for(var e,t,s=l.querySelectorAll(\"iframe.wp-embedded-content\"),r=0;r<s.length;r++)(t=(e=s[r]).getAttribute(\"data-secret\"))||(t=Math.random().toString(36).substring(2,12),e.src+=\"#?secret=\"+t,e.setAttribute(\"data-secret\",t)),e.contentWindow.postMessage({message:\"ready\",secret:t},\"*\")},!1)))}(window,document);\n\/\/# sourceURL=https:\/\/www.noticiasradioreflejos.com.ar\/2021\/wp-includes\/js\/wp-embed.min.js\n\/* ]]> *\/\n<\/script>\n","description":"La Direcci\u00f3n de Cultura invita a todas las instituciones de la localidad de Tornquist a participar de una reuni\u00f3n informativa sobre la organizaci\u00f3n de los festejos por el aniversario del cambio de nombre del distrito (4 de noviembre), en la sala de situaciones del palacio municipal el mi\u00e9rcoles 14 a las 20hs. Esperamos contar con [&hellip;]","thumbnail_url":"https:\/\/www.noticiasradioreflejos.com.ar\/2021\/wp-content\/uploads\/2021\/07\/logosol300x200.png","thumbnail_width":300,"thumbnail_height":200}