{"version":"1.0","provider_name":"Noticias Radio Reflejos","provider_url":"https:\/\/www.noticiasradioreflejos.com.ar\/2021","author_name":"Arnaldo Botto","author_url":"https:\/\/www.noticiasradioreflejos.com.ar\/2021\/author\/arnaldo\/","title":"Ma\u00f1ana empieza el receso escolar en 16 provincias - Noticias Radio Reflejos","type":"rich","width":600,"height":338,"html":"<blockquote class=\"wp-embedded-content\" data-secret=\"AzfkgPzfGg\"><a href=\"https:\/\/www.noticiasradioreflejos.com.ar\/2021\/manana-empieza-el-receso-escolar-en-16-provincias\/\">Ma\u00f1ana empieza el receso escolar en 16 provincias<\/a><\/blockquote><iframe sandbox=\"allow-scripts\" security=\"restricted\" src=\"https:\/\/www.noticiasradioreflejos.com.ar\/2021\/manana-empieza-el-receso-escolar-en-16-provincias\/embed\/#?secret=AzfkgPzfGg\" width=\"600\" height=\"338\" title=\"\u00abMa\u00f1ana empieza el receso escolar en 16 provincias\u00bb \u2014 Noticias Radio Reflejos\" data-secret=\"AzfkgPzfGg\" frameborder=\"0\" marginwidth=\"0\" marginheight=\"0\" scrolling=\"no\" class=\"wp-embedded-content\"><\/iframe><script type=\"text\/javascript\">\n\/* <![CDATA[ *\/\n\/*! This file is auto-generated *\/\n!function(d,l){\"use strict\";l.querySelector&&d.addEventListener&&\"undefined\"!=typeof URL&&(d.wp=d.wp||{},d.wp.receiveEmbedMessage||(d.wp.receiveEmbedMessage=function(e){var t=e.data;if((t||t.secret||t.message||t.value)&&!\/[^a-zA-Z0-9]\/.test(t.secret)){for(var s,r,n,a=l.querySelectorAll('iframe[data-secret=\"'+t.secret+'\"]'),o=l.querySelectorAll('blockquote[data-secret=\"'+t.secret+'\"]'),c=new RegExp(\"^https?:$\",\"i\"),i=0;i<o.length;i++)o[i].style.display=\"none\";for(i=0;i<a.length;i++)s=a[i],e.source===s.contentWindow&&(s.removeAttribute(\"style\"),\"height\"===t.message?(1e3<(r=parseInt(t.value,10))?r=1e3:~~r<200&&(r=200),s.height=r):\"link\"===t.message&&(r=new URL(s.getAttribute(\"src\")),n=new URL(t.value),c.test(n.protocol))&&n.host===r.host&&l.activeElement===s&&(d.top.location.href=t.value))}},d.addEventListener(\"message\",d.wp.receiveEmbedMessage,!1),l.addEventListener(\"DOMContentLoaded\",function(){for(var e,t,s=l.querySelectorAll(\"iframe.wp-embedded-content\"),r=0;r<s.length;r++)(t=(e=s[r]).getAttribute(\"data-secret\"))||(t=Math.random().toString(36).substring(2,12),e.src+=\"#?secret=\"+t,e.setAttribute(\"data-secret\",t)),e.contentWindow.postMessage({message:\"ready\",secret:t},\"*\")},!1)))}(window,document);\n\/\/# sourceURL=https:\/\/www.noticiasradioreflejos.com.ar\/2021\/wp-includes\/js\/wp-embed.min.js\n\/* ]]> *\/\n<\/script>\n","description":"Los distritos que tendr\u00e1n su receso invernal entre el 11 y el 22 de julio son Catamarca, Chubut, C\u00f3rdoba, Entre R\u00edos, Jujuy, La Pampa, La Rioja, Mendoza, Misiones, Neuqu\u00e9n, R\u00edo Negro, Salta, San Juan, San Luis, Santa Fe y Tucum\u00e1n.","thumbnail_url":"https:\/\/www.telam.com.ar\/thumbs\/bluesteel\/advf\/imagenes\/2022\/07\/62c62eef302b5_900.jpg"}