{"version":"1.0","provider_name":"Noticias Radio Reflejos","provider_url":"https:\/\/www.noticiasradioreflejos.com.ar\/2021","author_name":"Arnaldo Botto","author_url":"https:\/\/www.noticiasradioreflejos.com.ar\/2021\/author\/arnaldo\/","title":"Habr\u00e1 una nueva edici\u00f3n del programa Previaje - Noticias Radio Reflejos","type":"rich","width":600,"height":338,"html":"<blockquote class=\"wp-embedded-content\" data-secret=\"ZcEUMLq8j0\"><a href=\"https:\/\/www.noticiasradioreflejos.com.ar\/2021\/habra-una-nueva-edicion-del-programa-previaje\/\">Habr\u00e1 una nueva edici\u00f3n del programa Previaje<\/a><\/blockquote><iframe sandbox=\"allow-scripts\" security=\"restricted\" src=\"https:\/\/www.noticiasradioreflejos.com.ar\/2021\/habra-una-nueva-edicion-del-programa-previaje\/embed\/#?secret=ZcEUMLq8j0\" width=\"600\" height=\"338\" title=\"\u00abHabr\u00e1 una nueva edici\u00f3n del programa Previaje\u00bb \u2014 Noticias Radio Reflejos\" data-secret=\"ZcEUMLq8j0\" frameborder=\"0\" marginwidth=\"0\" marginheight=\"0\" scrolling=\"no\" class=\"wp-embedded-content\"><\/iframe><script type=\"text\/javascript\">\n\/* <![CDATA[ *\/\n\/*! This file is auto-generated *\/\n!function(d,l){\"use strict\";l.querySelector&&d.addEventListener&&\"undefined\"!=typeof URL&&(d.wp=d.wp||{},d.wp.receiveEmbedMessage||(d.wp.receiveEmbedMessage=function(e){var t=e.data;if((t||t.secret||t.message||t.value)&&!\/[^a-zA-Z0-9]\/.test(t.secret)){for(var s,r,n,a=l.querySelectorAll('iframe[data-secret=\"'+t.secret+'\"]'),o=l.querySelectorAll('blockquote[data-secret=\"'+t.secret+'\"]'),c=new RegExp(\"^https?:$\",\"i\"),i=0;i<o.length;i++)o[i].style.display=\"none\";for(i=0;i<a.length;i++)s=a[i],e.source===s.contentWindow&&(s.removeAttribute(\"style\"),\"height\"===t.message?(1e3<(r=parseInt(t.value,10))?r=1e3:~~r<200&&(r=200),s.height=r):\"link\"===t.message&&(r=new URL(s.getAttribute(\"src\")),n=new URL(t.value),c.test(n.protocol))&&n.host===r.host&&l.activeElement===s&&(d.top.location.href=t.value))}},d.addEventListener(\"message\",d.wp.receiveEmbedMessage,!1),l.addEventListener(\"DOMContentLoaded\",function(){for(var e,t,s=l.querySelectorAll(\"iframe.wp-embedded-content\"),r=0;r<s.length;r++)(t=(e=s[r]).getAttribute(\"data-secret\"))||(t=Math.random().toString(36).substring(2,12),e.src+=\"#?secret=\"+t,e.setAttribute(\"data-secret\",t)),e.contentWindow.postMessage({message:\"ready\",secret:t},\"*\")},!1)))}(window,document);\n\/\/# sourceURL=https:\/\/www.noticiasradioreflejos.com.ar\/2021\/wp-includes\/js\/wp-embed.min.js\n\/* ]]> *\/\n<\/script>\n","thumbnail_url":"https:\/\/www.noticiasradioreflejos.com.ar\/2021\/wp-content\/uploads\/2021\/06\/previaje.jpg","thumbnail_width":1920,"thumbnail_height":674,"description":"Lo anunci\u00f3 el ministro de Turismo, Mat\u00edas Lammens en la conferencia de prensa en Casa de Gobierno tras una reuni\u00f3n con pares. Adem\u00e1s, se\u00f1al\u00f3 que el principal objetivo ahora ser\u00e1 \u201capuntalar la temporada baja para que las econom\u00edas regionales tengan una facturaci\u00f3n uniforme durante todo el a\u00f1o\u201d."}