{"version":"1.0","provider_name":"Noticias Radio Reflejos","provider_url":"https:\/\/www.noticiasradioreflejos.com.ar\/2021","author_name":"Arnaldo Botto","author_url":"https:\/\/www.noticiasradioreflejos.com.ar\/2021\/author\/arnaldo\/","title":"Festejos del 70\u00b0 Aniversario de Villa Ventana. - Noticias Radio Reflejos","type":"rich","width":600,"height":338,"html":"<blockquote class=\"wp-embedded-content\" data-secret=\"Vt7bQ0a9GF\"><a href=\"https:\/\/www.noticiasradioreflejos.com.ar\/2021\/festejos-del-70-aniversario-de-villa-ventana\/\">Festejos del 70\u00b0 Aniversario de Villa Ventana.<\/a><\/blockquote><iframe sandbox=\"allow-scripts\" security=\"restricted\" src=\"https:\/\/www.noticiasradioreflejos.com.ar\/2021\/festejos-del-70-aniversario-de-villa-ventana\/embed\/#?secret=Vt7bQ0a9GF\" width=\"600\" height=\"338\" title=\"\u00abFestejos del 70\u00b0 Aniversario de Villa Ventana.\u00bb \u2014 Noticias Radio Reflejos\" data-secret=\"Vt7bQ0a9GF\" frameborder=\"0\" marginwidth=\"0\" marginheight=\"0\" scrolling=\"no\" class=\"wp-embedded-content\"><\/iframe><script type=\"text\/javascript\">\n\/* <![CDATA[ *\/\n\/*! This file is auto-generated *\/\n!function(d,l){\"use strict\";l.querySelector&&d.addEventListener&&\"undefined\"!=typeof URL&&(d.wp=d.wp||{},d.wp.receiveEmbedMessage||(d.wp.receiveEmbedMessage=function(e){var t=e.data;if((t||t.secret||t.message||t.value)&&!\/[^a-zA-Z0-9]\/.test(t.secret)){for(var s,r,n,a=l.querySelectorAll('iframe[data-secret=\"'+t.secret+'\"]'),o=l.querySelectorAll('blockquote[data-secret=\"'+t.secret+'\"]'),c=new RegExp(\"^https?:$\",\"i\"),i=0;i<o.length;i++)o[i].style.display=\"none\";for(i=0;i<a.length;i++)s=a[i],e.source===s.contentWindow&&(s.removeAttribute(\"style\"),\"height\"===t.message?(1e3<(r=parseInt(t.value,10))?r=1e3:~~r<200&&(r=200),s.height=r):\"link\"===t.message&&(r=new URL(s.getAttribute(\"src\")),n=new URL(t.value),c.test(n.protocol))&&n.host===r.host&&l.activeElement===s&&(d.top.location.href=t.value))}},d.addEventListener(\"message\",d.wp.receiveEmbedMessage,!1),l.addEventListener(\"DOMContentLoaded\",function(){for(var e,t,s=l.querySelectorAll(\"iframe.wp-embedded-content\"),r=0;r<s.length;r++)(t=(e=s[r]).getAttribute(\"data-secret\"))||(t=Math.random().toString(36).substring(2,12),e.src+=\"#?secret=\"+t,e.setAttribute(\"data-secret\",t)),e.contentWindow.postMessage({message:\"ready\",secret:t},\"*\")},!1)))}(window,document);\n\/\/# sourceURL=https:\/\/www.noticiasradioreflejos.com.ar\/2021\/wp-includes\/js\/wp-embed.min.js\n\/* ]]> *\/\n<\/script>\n","description":"Villa Ventana, considerada la perla de la comarca serrana, cumpli\u00f3 este martes 25 de julio los\u00a070 a\u00f1os desde su fundaci\u00f3n. El acto protocolar se desarroll\u00f3 en horas de la ma\u00f1ana en la Plaza Salerno, donde junto a las autoridades, instituciones y p\u00fablico que acompa\u00f1\u00f3, para recordar a sus fundadores, hombres y mujeres que trazaron el [&hellip;]","thumbnail_url":"http:\/\/farm5.staticflickr.com\/4292\/36177998015_a132de2a59.jpg"}