{"version":"1.0","provider_name":"Noticias Radio Reflejos","provider_url":"https:\/\/www.noticiasradioreflejos.com.ar\/2021","author_name":"Arnaldo Botto","author_url":"https:\/\/www.noticiasradioreflejos.com.ar\/2021\/author\/arnaldo\/","title":"Tal como anticip\u00f3 Radio Reflejos, la nieve regres\u00f3 a los cerros a d\u00edas de la primavera - Noticias Radio Reflejos","type":"rich","width":600,"height":338,"html":"<blockquote class=\"wp-embedded-content\" data-secret=\"rOH9rZ2KBu\"><a href=\"https:\/\/www.noticiasradioreflejos.com.ar\/2021\/143123-2\/\">Tal como anticip\u00f3 Radio Reflejos, la nieve regres\u00f3 a los cerros a d\u00edas de la primavera<\/a><\/blockquote><iframe sandbox=\"allow-scripts\" security=\"restricted\" src=\"https:\/\/www.noticiasradioreflejos.com.ar\/2021\/143123-2\/embed\/#?secret=rOH9rZ2KBu\" width=\"600\" height=\"338\" title=\"\u00abTal como anticip\u00f3 Radio Reflejos, la nieve regres\u00f3 a los cerros a d\u00edas de la primavera\u00bb \u2014 Noticias Radio Reflejos\" data-secret=\"rOH9rZ2KBu\" frameborder=\"0\" marginwidth=\"0\" marginheight=\"0\" scrolling=\"no\" class=\"wp-embedded-content\"><\/iframe><script>\n\/*! This file is auto-generated *\/\n!function(d,l){\"use strict\";l.querySelector&&d.addEventListener&&\"undefined\"!=typeof URL&&(d.wp=d.wp||{},d.wp.receiveEmbedMessage||(d.wp.receiveEmbedMessage=function(e){var t=e.data;if((t||t.secret||t.message||t.value)&&!\/[^a-zA-Z0-9]\/.test(t.secret)){for(var s,r,n,a=l.querySelectorAll('iframe[data-secret=\"'+t.secret+'\"]'),o=l.querySelectorAll('blockquote[data-secret=\"'+t.secret+'\"]'),c=new RegExp(\"^https?:$\",\"i\"),i=0;i<o.length;i++)o[i].style.display=\"none\";for(i=0;i<a.length;i++)s=a[i],e.source===s.contentWindow&&(s.removeAttribute(\"style\"),\"height\"===t.message?(1e3<(r=parseInt(t.value,10))?r=1e3:~~r<200&&(r=200),s.height=r):\"link\"===t.message&&(r=new URL(s.getAttribute(\"src\")),n=new URL(t.value),c.test(n.protocol))&&n.host===r.host&&l.activeElement===s&&(d.top.location.href=t.value))}},d.addEventListener(\"message\",d.wp.receiveEmbedMessage,!1),l.addEventListener(\"DOMContentLoaded\",function(){for(var e,t,s=l.querySelectorAll(\"iframe.wp-embedded-content\"),r=0;r<s.length;r++)(t=(e=s[r]).getAttribute(\"data-secret\"))||(t=Math.random().toString(36).substring(2,12),e.src+=\"#?secret=\"+t,e.setAttribute(\"data-secret\",t)),e.contentWindow.postMessage({message:\"ready\",secret:t},\"*\")},!1)))}(window,document);\n\/\/# sourceURL=https:\/\/www.noticiasradioreflejos.com.ar\/2021\/wp-includes\/js\/wp-embed.min.js\n<\/script>\n","thumbnail_url":"https:\/\/www.noticiasradioreflejos.com.ar\/2021\/wp-content\/uploads\/2026\/09\/nieve-05-09-26.jpg","thumbnail_width":1600,"thumbnail_height":1122,"description":"Un vertiginoso descenso de la temperatura durante las primeras horas de este s\u00e1bado provoc\u00f3 precipitaciones en forma de nieve sobre las cotas m\u00e1s elevadas del cord\u00f3n serrano. Tal como lo hab\u00eda anticipado Noticias Radio Reflejos, el fen\u00f3meno volvi\u00f3 a vestir de blanco el paisaje regional a pocos d\u00edas del inicio del \u00faltimo mes del invierno. [&hellip;]"}